{"id":10213,"date":"2015-06-08T08:20:36","date_gmt":"2015-06-08T08:20:28","guid":{"rendered":"http:\/\/demo.edge-themes.com\/hudson12\/?page_id=4"},"modified":"2022-04-12T14:51:30","modified_gmt":"2022-04-12T12:51:30","slug":"actualites","status":"publish","type":"page","link":"https:\/\/www.champagne-lecompte.fr\/fr\/actualites\/","title":{"rendered":"Actualit\u00e9s"},"content":{"rendered":"<p>[vc_row row_type=\u00a0\u00bbrow\u00a0\u00bb use_row_as_full_screen_section=\u00a0\u00bbno\u00a0\u00bb type=\u00a0\u00bbfull_width\u00a0\u00bb text_align=\u00a0\u00bbleft\u00a0\u00bb box_shadow_on_row=\u00a0\u00bbno\u00a0\u00bb][vc_column width=\u00a0\u00bb1\/6&Prime;][\/vc_column][vc_column width=\u00a0\u00bb2\/3&Prime;]<div class=\"latest_post_holder  boxes two_columns\"><ul class='post_list'><li class=\"clearfix\"><div class=\"box_padding_border\"><div class=\"boxes_image\"><a href=\"https:\/\/www.champagne-lecompte.fr\/fr\/actualites\/le-millesime-2017-sur-vos-tables-de-printemps\/\"><img width=\"550\" height=\"550\" src=\"https:\/\/www.champagne-lecompte.fr\/wp-content\/uploads\/2020\/09\/Degustation-Champagne-Francois-Lecompte-550x550.jpg\" class=\"attachment-portfolio-square size-portfolio-square wp-post-image\" alt=\"\" loading=\"lazy\" srcset=\"https:\/\/www.champagne-lecompte.fr\/wp-content\/uploads\/2020\/09\/Degustation-Champagne-Francois-Lecompte-550x550.jpg 550w, https:\/\/www.champagne-lecompte.fr\/wp-content\/uploads\/2020\/09\/Degustation-Champagne-Francois-Lecompte-320x320.jpg 320w, https:\/\/www.champagne-lecompte.fr\/wp-content\/uploads\/2020\/09\/Degustation-Champagne-Francois-Lecompte-1000x1000.jpg 1000w\" sizes=\"(max-width: 550px) 100vw, 550px\" \/><span class=\"latest_post_overlay\" ><\/span><\/a><div class=\"latest_post_boxes_date_over_img\"><span class=\"boxes_date_pattern\" ><\/span><div class=\"boxes_date_over_inner\"><span class=\"date_month\">Mar<\/span><span class=\"date_day\" >30<\/span><span class=\"date_year\">2026<\/span><\/div><\/div><\/div><div class=\"latest_post\" style=\"padding: 10px\"><div class=\"latest_post_text\"><div class=\"latest_post_title_holder\"><h3 class=\"latest_post_title \" style=\"font-size:18px;\"><a href=\"https:\/\/www.champagne-lecompte.fr\/fr\/actualites\/le-millesime-2017-sur-vos-tables-de-printemps\/\" style = \"font-size:18px;\">Le Mill\u00e9sime 2017 sur vos tables de printemps<\/a><\/h3><\/div><div class=\"post_info_section\" ><\/div><p class=\"excerpt\" >Le Champagne Fran\u00e7ois Lecompte est heureux de vous proposer depuis quelques mois son BRUT Mill\u00e9sime 2017. Celui-ci affiche une belle finesse, avec des ar\u00f4mes d\u00e9licats de fruits......<\/p><\/div><\/div><\/div><\/li><li class=\"clearfix\"><div class=\"box_padding_border\"><div class=\"boxes_image\"><a href=\"https:\/\/www.champagne-lecompte.fr\/fr\/actualites\/la-cuvee-celeste-rose-se-devoile-dans-notre-gamme\/\"><img width=\"550\" height=\"550\" src=\"https:\/\/www.champagne-lecompte.fr\/wp-content\/uploads\/2020\/09\/Caves01-550x550.jpg\" class=\"attachment-portfolio-square size-portfolio-square wp-post-image\" alt=\"\" loading=\"lazy\" srcset=\"https:\/\/www.champagne-lecompte.fr\/wp-content\/uploads\/2020\/09\/Caves01-550x550.jpg 550w, https:\/\/www.champagne-lecompte.fr\/wp-content\/uploads\/2020\/09\/Caves01-320x320.jpg 320w, https:\/\/www.champagne-lecompte.fr\/wp-content\/uploads\/2020\/09\/Caves01-1000x1000.jpg 1000w\" sizes=\"(max-width: 550px) 100vw, 550px\" \/><span class=\"latest_post_overlay\" ><\/span><\/a><div class=\"latest_post_boxes_date_over_img\"><span class=\"boxes_date_pattern\" ><\/span><div class=\"boxes_date_over_inner\"><span class=\"date_month\">Oct<\/span><span class=\"date_day\" >24<\/span><span class=\"date_year\">2024<\/span><\/div><\/div><\/div><div class=\"latest_post\" style=\"padding: 10px\"><div class=\"latest_post_text\"><div class=\"latest_post_title_holder\"><h3 class=\"latest_post_title \" style=\"font-size:18px;\"><a href=\"https:\/\/www.champagne-lecompte.fr\/fr\/actualites\/la-cuvee-celeste-rose-se-devoile-dans-notre-gamme\/\" style = \"font-size:18px;\">La Cuv\u00e9e C\u00e9leste Ros\u00e9 se d\u00e9voile dans notre gamme<\/a><\/h3><\/div><div class=\"post_info_section\" ><\/div><p class=\"excerpt\" >Voici une nouvelle venue dans la gamme de champagne Fran\u00e7ois Lecompte : la Cuv\u00e9e C\u00e9leste, \u00e9lev\u00e9e en f\u00fbt de ch\u00eane, se d\u00e9cline dans sa variation Ros\u00e9. Ce......<\/p><\/div><\/div><\/div><\/li><li class=\"clearfix\"><div class=\"box_padding_border\"><div class=\"boxes_image\"><a href=\"https:\/\/www.champagne-lecompte.fr\/fr\/actualites\/un-jeroboam-pour-les-fetes-de-paques\/\"><img width=\"550\" height=\"550\" src=\"https:\/\/www.champagne-lecompte.fr\/wp-content\/uploads\/2024\/03\/IMG_0333-550x550.jpg\" class=\"attachment-portfolio-square size-portfolio-square wp-post-image\" alt=\"\" loading=\"lazy\" srcset=\"https:\/\/www.champagne-lecompte.fr\/wp-content\/uploads\/2024\/03\/IMG_0333-550x550.jpg 550w, https:\/\/www.champagne-lecompte.fr\/wp-content\/uploads\/2024\/03\/IMG_0333-320x320.jpg 320w, https:\/\/www.champagne-lecompte.fr\/wp-content\/uploads\/2024\/03\/IMG_0333-1000x1000.jpg 1000w\" sizes=\"(max-width: 550px) 100vw, 550px\" \/><span class=\"latest_post_overlay\" ><\/span><\/a><div class=\"latest_post_boxes_date_over_img\"><span class=\"boxes_date_pattern\" ><\/span><div class=\"boxes_date_over_inner\"><span class=\"date_month\">Mar<\/span><span class=\"date_day\" >19<\/span><span class=\"date_year\">2024<\/span><\/div><\/div><\/div><div class=\"latest_post\" style=\"padding: 10px\"><div class=\"latest_post_text\"><div class=\"latest_post_title_holder\"><h3 class=\"latest_post_title \" style=\"font-size:18px;\"><a href=\"https:\/\/www.champagne-lecompte.fr\/fr\/actualites\/un-jeroboam-pour-les-fetes-de-paques\/\" style = \"font-size:18px;\">Un J\u00e9roboam pour les F\u00eates de P\u00e2ques<\/a><\/h3><\/div><div class=\"post_info_section\" ><\/div><p class=\"excerpt\" >Les f\u00eates de P\u00e2ques approchent et avec elles, les moments de partage entre amis ou en famille. Pourquoi ne pas choisir le J\u00e9roboam du Champagne Fran\u00e7ois Lecompte......<\/p><\/div><\/div><\/div><\/li><li class=\"clearfix\"><div class=\"box_padding_border\"><div class=\"boxes_image\"><a href=\"https:\/\/www.champagne-lecompte.fr\/fr\/actualites\/deux-cuvees-selectionnees-dans-le-guide-hachette-des-vins-2024\/\"><img width=\"550\" height=\"550\" src=\"https:\/\/www.champagne-lecompte.fr\/wp-content\/uploads\/2023\/09\/Blanc-de-Meuniers-Champagne-Francois-Lecompte-550x550.jpeg\" class=\"attachment-portfolio-square size-portfolio-square wp-post-image\" alt=\"\" loading=\"lazy\" srcset=\"https:\/\/www.champagne-lecompte.fr\/wp-content\/uploads\/2023\/09\/Blanc-de-Meuniers-Champagne-Francois-Lecompte-550x550.jpeg 550w, https:\/\/www.champagne-lecompte.fr\/wp-content\/uploads\/2023\/09\/Blanc-de-Meuniers-Champagne-Francois-Lecompte-320x320.jpeg 320w, https:\/\/www.champagne-lecompte.fr\/wp-content\/uploads\/2023\/09\/Blanc-de-Meuniers-Champagne-Francois-Lecompte-1000x1000.jpeg 1000w\" sizes=\"(max-width: 550px) 100vw, 550px\" \/><span class=\"latest_post_overlay\" ><\/span><\/a><div class=\"latest_post_boxes_date_over_img\"><span class=\"boxes_date_pattern\" ><\/span><div class=\"boxes_date_over_inner\"><span class=\"date_month\">Sep<\/span><span class=\"date_day\" >25<\/span><span class=\"date_year\">2023<\/span><\/div><\/div><\/div><div class=\"latest_post\" style=\"padding: 10px\"><div class=\"latest_post_text\"><div class=\"latest_post_title_holder\"><h3 class=\"latest_post_title \" style=\"font-size:18px;\"><a href=\"https:\/\/www.champagne-lecompte.fr\/fr\/actualites\/deux-cuvees-selectionnees-dans-le-guide-hachette-des-vins-2024\/\" style = \"font-size:18px;\">Deux cuv\u00e9es s\u00e9lectionn\u00e9es dans le guide Hachette des Vins 2024<\/a><\/h3><\/div><div class=\"post_info_section\" ><\/div><p class=\"excerpt\" >Le Champagne Fran\u00e7ois Lecompte s\u00e9lectionn\u00e9 avec 2 cuv\u00e9es dans le Guide hachette des Vins 2024\u00a0! Le guide hachette des Vins 2024 vient de para\u00eetre avec deux champagnes......<\/p><\/div><\/div><\/div><\/li><li class=\"clearfix\"><div class=\"box_padding_border\"><div class=\"boxes_image\"><a href=\"https:\/\/www.champagne-lecompte.fr\/fr\/actualites\/decouvrez-le-grand-millesime-2015-du-champagne-francois-lecompte\/\"><img width=\"550\" height=\"550\" src=\"https:\/\/www.champagne-lecompte.fr\/wp-content\/uploads\/2023\/07\/Photo-bouteille-MIL2015-002-550x550.png\" class=\"attachment-portfolio-square size-portfolio-square wp-post-image\" alt=\"\" loading=\"lazy\" srcset=\"https:\/\/www.champagne-lecompte.fr\/wp-content\/uploads\/2023\/07\/Photo-bouteille-MIL2015-002-550x550.png 550w, https:\/\/www.champagne-lecompte.fr\/wp-content\/uploads\/2023\/07\/Photo-bouteille-MIL2015-002-320x320.png 320w, https:\/\/www.champagne-lecompte.fr\/wp-content\/uploads\/2023\/07\/Photo-bouteille-MIL2015-002-1000x1000.png 1000w\" sizes=\"(max-width: 550px) 100vw, 550px\" \/><span class=\"latest_post_overlay\" ><\/span><\/a><div class=\"latest_post_boxes_date_over_img\"><span class=\"boxes_date_pattern\" ><\/span><div class=\"boxes_date_over_inner\"><span class=\"date_month\">Juil<\/span><span class=\"date_day\" >25<\/span><span class=\"date_year\">2023<\/span><\/div><\/div><\/div><div class=\"latest_post\" style=\"padding: 10px\"><div class=\"latest_post_text\"><div class=\"latest_post_title_holder\"><h3 class=\"latest_post_title \" style=\"font-size:18px;\"><a href=\"https:\/\/www.champagne-lecompte.fr\/fr\/actualites\/decouvrez-le-grand-millesime-2015-du-champagne-francois-lecompte\/\" style = \"font-size:18px;\">D\u00e9couvrez le Grand Mill\u00e9sime 2015 du Champagne Fran\u00e7ois Lecompte<\/a><\/h3><\/div><div class=\"post_info_section\" ><\/div><p class=\"excerpt\" >Le Champagne Fran\u00e7ois Lecompte est heureux de vous pr\u00e9sneter son Mill\u00e9sime 2015, la Grande ann\u00e9e du Champagne : Champagne Fran\u00e7ois Lecompte 2015 : Jolie robe jaune dor\u00e9......<\/p><\/div><\/div><\/div><\/li><li class=\"clearfix\"><div class=\"box_padding_border\"><div class=\"boxes_image\"><a href=\"https:\/\/www.champagne-lecompte.fr\/fr\/actualites\/les-fetes-de-fin-dannee-du-champagne-francois-lecompte\/\"><img width=\"550\" height=\"550\" src=\"https:\/\/www.champagne-lecompte.fr\/wp-content\/uploads\/2020\/09\/cuvee-celeste-champagne-premier-cru-550x550.png\" class=\"attachment-portfolio-square size-portfolio-square wp-post-image\" alt=\"\" loading=\"lazy\" srcset=\"https:\/\/www.champagne-lecompte.fr\/wp-content\/uploads\/2020\/09\/cuvee-celeste-champagne-premier-cru-550x550.png 550w, https:\/\/www.champagne-lecompte.fr\/wp-content\/uploads\/2020\/09\/cuvee-celeste-champagne-premier-cru-320x320.png 320w, https:\/\/www.champagne-lecompte.fr\/wp-content\/uploads\/2020\/09\/cuvee-celeste-champagne-premier-cru-600x600.png 600w\" sizes=\"(max-width: 550px) 100vw, 550px\" \/><span class=\"latest_post_overlay\" ><\/span><\/a><div class=\"latest_post_boxes_date_over_img\"><span class=\"boxes_date_pattern\" ><\/span><div class=\"boxes_date_over_inner\"><span class=\"date_month\">Nov<\/span><span class=\"date_day\" >14<\/span><span class=\"date_year\">2022<\/span><\/div><\/div><\/div><div class=\"latest_post\" style=\"padding: 10px\"><div class=\"latest_post_text\"><div class=\"latest_post_title_holder\"><h3 class=\"latest_post_title \" style=\"font-size:18px;\"><a href=\"https:\/\/www.champagne-lecompte.fr\/fr\/actualites\/les-fetes-de-fin-dannee-du-champagne-francois-lecompte\/\" style = \"font-size:18px;\">Les f\u00eates de fin d&rsquo;ann\u00e9e du Champagne Fran\u00e7ois Lecompte<\/a><\/h3><\/div><div class=\"post_info_section\" ><\/div><p class=\"excerpt\" >Ch\u00e8re Cliente, Cher Client, Chaque Champagne de la Maison Fran\u00e7ois Lecompte est une cr\u00e9ation. &nbsp; L\u2019Art du Champagne prend d\u2019abord racine au pied de notre vigne, puis......<\/p><\/div><\/div><\/div><\/li><li class=\"clearfix\"><div class=\"box_padding_border\"><div class=\"boxes_image\"><a href=\"https:\/\/www.champagne-lecompte.fr\/fr\/actualites\/les-vendanges-du-champagne-francois-lecompte\/\"><img width=\"550\" height=\"550\" src=\"https:\/\/www.champagne-lecompte.fr\/wp-content\/uploads\/2022\/08\/Vendanges-2022-550x550.jpg\" class=\"attachment-portfolio-square size-portfolio-square wp-post-image\" alt=\"\" loading=\"lazy\" srcset=\"https:\/\/www.champagne-lecompte.fr\/wp-content\/uploads\/2022\/08\/Vendanges-2022-550x550.jpg 550w, https:\/\/www.champagne-lecompte.fr\/wp-content\/uploads\/2022\/08\/Vendanges-2022-320x320.jpg 320w, https:\/\/www.champagne-lecompte.fr\/wp-content\/uploads\/2022\/08\/Vendanges-2022-1000x1000.jpg 1000w\" sizes=\"(max-width: 550px) 100vw, 550px\" \/><span class=\"latest_post_overlay\" ><\/span><\/a><div class=\"latest_post_boxes_date_over_img\"><span class=\"boxes_date_pattern\" ><\/span><div class=\"boxes_date_over_inner\"><span class=\"date_month\">Ao\u00fbt<\/span><span class=\"date_day\" >29<\/span><span class=\"date_year\">2022<\/span><\/div><\/div><\/div><div class=\"latest_post\" style=\"padding: 10px\"><div class=\"latest_post_text\"><div class=\"latest_post_title_holder\"><h3 class=\"latest_post_title \" style=\"font-size:18px;\"><a href=\"https:\/\/www.champagne-lecompte.fr\/fr\/actualites\/les-vendanges-du-champagne-francois-lecompte\/\" style = \"font-size:18px;\">Les vendanges du Champagne Fran\u00e7ois Lecompte<\/a><\/h3><\/div><div class=\"post_info_section\" ><\/div><p class=\"excerpt\" >C&rsquo;est l&rsquo;heure des vendanges : cette ann\u00e9e, elles d\u00e9butent le 29 ao\u00fbt au Champagne Fran\u00e7ois Lecompte, pour une dur\u00e9e de 10 jours incluant le week-end. Francois Lecompte......<\/p><\/div><\/div><\/div><\/li><li class=\"clearfix\"><div class=\"box_padding_border\"><div class=\"boxes_image\"><a href=\"https:\/\/www.champagne-lecompte.fr\/fr\/actualites\/article-de-presse-sur-le-champagne-francois-lecompte\/\"><img width=\"506\" height=\"550\" src=\"https:\/\/www.champagne-lecompte.fr\/wp-content\/uploads\/2022\/08\/Millesimes-2013-ChampagneFrancoisLecompte-506x550.jpg\" class=\"attachment-portfolio-square size-portfolio-square wp-post-image\" alt=\"\" loading=\"lazy\" \/><span class=\"latest_post_overlay\" ><\/span><\/a><div class=\"latest_post_boxes_date_over_img\"><span class=\"boxes_date_pattern\" ><\/span><div class=\"boxes_date_over_inner\"><span class=\"date_month\">Ao\u00fbt<\/span><span class=\"date_day\" >19<\/span><span class=\"date_year\">2022<\/span><\/div><\/div><\/div><div class=\"latest_post\" style=\"padding: 10px\"><div class=\"latest_post_text\"><div class=\"latest_post_title_holder\"><h3 class=\"latest_post_title \" style=\"font-size:18px;\"><a href=\"https:\/\/www.champagne-lecompte.fr\/fr\/actualites\/article-de-presse-sur-le-champagne-francois-lecompte\/\" style = \"font-size:18px;\">Article de presse sur le Champagne Francois Lecompte<\/a><\/h3><\/div><div class=\"post_info_section\" ><\/div><p class=\"excerpt\" >Le magazine web Singulars, d\u00e9di\u00e9 \u00e0 l\u2019Art de Vivre festif et engag\u00e9, consacre un article au Champagne Francois Lecompte Premier Cru. D\u00e9couvrez notre travail de r\u00e9coltant-manipulant \u00e0......<\/p><\/div><\/div><\/div><\/li><li class=\"clearfix\"><div class=\"box_padding_border\"><div class=\"boxes_image\"><a href=\"https:\/\/www.champagne-lecompte.fr\/fr\/actualites\/la-mise-en-bouteille-du-champagne-francois-lecompte\/\"><img width=\"550\" height=\"550\" src=\"https:\/\/www.champagne-lecompte.fr\/wp-content\/uploads\/2022\/08\/Tirage-Mise-en-bouteille-Rose-Champagne-Francois-LECOMPTE-550x550.jpg\" class=\"attachment-portfolio-square size-portfolio-square wp-post-image\" alt=\"\" loading=\"lazy\" srcset=\"https:\/\/www.champagne-lecompte.fr\/wp-content\/uploads\/2022\/08\/Tirage-Mise-en-bouteille-Rose-Champagne-Francois-LECOMPTE-550x550.jpg 550w, https:\/\/www.champagne-lecompte.fr\/wp-content\/uploads\/2022\/08\/Tirage-Mise-en-bouteille-Rose-Champagne-Francois-LECOMPTE-320x320.jpg 320w\" sizes=\"(max-width: 550px) 100vw, 550px\" \/><span class=\"latest_post_overlay\" ><\/span><\/a><div class=\"latest_post_boxes_date_over_img\"><span class=\"boxes_date_pattern\" ><\/span><div class=\"boxes_date_over_inner\"><span class=\"date_month\">Ao\u00fbt<\/span><span class=\"date_day\" >12<\/span><span class=\"date_year\">2022<\/span><\/div><\/div><\/div><div class=\"latest_post\" style=\"padding: 10px\"><div class=\"latest_post_text\"><div class=\"latest_post_title_holder\"><h3 class=\"latest_post_title \" style=\"font-size:18px;\"><a href=\"https:\/\/www.champagne-lecompte.fr\/fr\/actualites\/la-mise-en-bouteille-du-champagne-francois-lecompte\/\" style = \"font-size:18px;\">La mise en bouteille du Champagne Francois Lecompte<\/a><\/h3><\/div><div class=\"post_info_section\" ><\/div><p class=\"excerpt\" >LE TIRAGE CHEZ FRANCOIS LECOMPTE, R\u00e9coltant -Manipulant \u00e0 Rilly-la-Montagne :\u00a0 La mise en bouteille du Champagne Fran\u00e7ois Lecompte a eu lieu en juillet dernier \u00e0 la propri\u00e9t\u00e9......<\/p><\/div><\/div><\/div><\/li><li class=\"clearfix\"><div class=\"box_padding_border\"><div class=\"boxes_image\"><a href=\"https:\/\/www.champagne-lecompte.fr\/fr\/actualites\/richard-juhlin-presente-le-champagne-francois-lecompte\/\"><img width=\"550\" height=\"550\" src=\"https:\/\/www.champagne-lecompte.fr\/wp-content\/uploads\/2021\/12\/Champagne-Francois-Lecompte-Millesimes2013-550x550.jpg\" class=\"attachment-portfolio-square size-portfolio-square wp-post-image\" alt=\"Champagne Francois Lecompte Millesimes Premier Cru\" loading=\"lazy\" srcset=\"https:\/\/www.champagne-lecompte.fr\/wp-content\/uploads\/2021\/12\/Champagne-Francois-Lecompte-Millesimes2013-550x550.jpg 550w, https:\/\/www.champagne-lecompte.fr\/wp-content\/uploads\/2021\/12\/Champagne-Francois-Lecompte-Millesimes2013-320x320.jpg 320w, https:\/\/www.champagne-lecompte.fr\/wp-content\/uploads\/2021\/12\/Champagne-Francois-Lecompte-Millesimes2013-1000x1000.jpg 1000w\" sizes=\"(max-width: 550px) 100vw, 550px\" \/><span class=\"latest_post_overlay\" ><\/span><\/a><div class=\"latest_post_boxes_date_over_img\"><span class=\"boxes_date_pattern\" ><\/span><div class=\"boxes_date_over_inner\"><span class=\"date_month\">Mai<\/span><span class=\"date_day\" >18<\/span><span class=\"date_year\">2022<\/span><\/div><\/div><\/div><div class=\"latest_post\" style=\"padding: 10px\"><div class=\"latest_post_text\"><div class=\"latest_post_title_holder\"><h3 class=\"latest_post_title \" style=\"font-size:18px;\"><a href=\"https:\/\/www.champagne-lecompte.fr\/fr\/actualites\/richard-juhlin-presente-le-champagne-francois-lecompte\/\" style = \"font-size:18px;\">Richard Juhlin pr\u00e9sente le Champagne Francois Lecompte<\/a><\/h3><\/div><div class=\"post_info_section\" ><\/div><p class=\"excerpt\" >Richard JUHLIN, l&rsquo;expert num\u00e9ro 1 du Champagne : Richard Juhlin, su\u00e9dois, est l\u2019un des premiers et des plus c\u00e9l\u00e8bres d\u00e9gustateurs de l\u2019Europe du Nord. Conf\u00e9rencier, auteur d\u2019une......<\/p><\/div><\/div><\/div><\/li><li class=\"clearfix\"><div class=\"box_padding_border\"><div class=\"boxes_image\"><a href=\"https:\/\/www.champagne-lecompte.fr\/fr\/actualites\/rilly-la-montagne-monoterroir-champagne-francois-lecompte\/\"><img width=\"550\" height=\"550\" src=\"https:\/\/www.champagne-lecompte.fr\/wp-content\/uploads\/2022\/05\/DSC_4803-1-550x550.jpg\" class=\"attachment-portfolio-square size-portfolio-square wp-post-image\" alt=\"\" loading=\"lazy\" srcset=\"https:\/\/www.champagne-lecompte.fr\/wp-content\/uploads\/2022\/05\/DSC_4803-1-550x550.jpg 550w, https:\/\/www.champagne-lecompte.fr\/wp-content\/uploads\/2022\/05\/DSC_4803-1-320x320.jpg 320w, https:\/\/www.champagne-lecompte.fr\/wp-content\/uploads\/2022\/05\/DSC_4803-1-1000x1000.jpg 1000w\" sizes=\"(max-width: 550px) 100vw, 550px\" \/><span class=\"latest_post_overlay\" ><\/span><\/a><div class=\"latest_post_boxes_date_over_img\"><span class=\"boxes_date_pattern\" ><\/span><div class=\"boxes_date_over_inner\"><span class=\"date_month\">Mai<\/span><span class=\"date_day\" >11<\/span><span class=\"date_year\">2022<\/span><\/div><\/div><\/div><div class=\"latest_post\" style=\"padding: 10px\"><div class=\"latest_post_text\"><div class=\"latest_post_title_holder\"><h3 class=\"latest_post_title \" style=\"font-size:18px;\"><a href=\"https:\/\/www.champagne-lecompte.fr\/fr\/actualites\/rilly-la-montagne-monoterroir-champagne-francois-lecompte\/\" style = \"font-size:18px;\">Rilly la Montagne-Monoterroir Champagne Francois Lecompte<\/a><\/h3><\/div><div class=\"post_info_section\" ><\/div><p class=\"excerpt\" >Champagne Francois Lecompte, R\u00e9coltant-Manipulant dans Le village de Rilly-la-Montagne : Situ\u00e9 \u00e0 une dizaine de kilom\u00e8tres de Reims, RILLY LA MONTAGNE est un charmant village o\u00f9 l&rsquo;histoire......<\/p><\/div><\/div><\/div><\/li><li class=\"clearfix\"><div class=\"box_padding_border\"><div class=\"boxes_image\"><a href=\"https:\/\/www.champagne-lecompte.fr\/fr\/actualites\/le-site-champagne-lecompte-fr-arrive-en-version-anglaise\/\"><img width=\"550\" height=\"550\" src=\"https:\/\/www.champagne-lecompte.fr\/wp-content\/uploads\/2022\/04\/Site-en-anglais-champagne-lecompte.fr_-550x550.jpeg\" class=\"attachment-portfolio-square size-portfolio-square wp-post-image\" alt=\"\" loading=\"lazy\" srcset=\"https:\/\/www.champagne-lecompte.fr\/wp-content\/uploads\/2022\/04\/Site-en-anglais-champagne-lecompte.fr_-550x550.jpeg 550w, https:\/\/www.champagne-lecompte.fr\/wp-content\/uploads\/2022\/04\/Site-en-anglais-champagne-lecompte.fr_-320x320.jpeg 320w, https:\/\/www.champagne-lecompte.fr\/wp-content\/uploads\/2022\/04\/Site-en-anglais-champagne-lecompte.fr_-1000x1000.jpeg 1000w\" sizes=\"(max-width: 550px) 100vw, 550px\" \/><span class=\"latest_post_overlay\" ><\/span><\/a><div class=\"latest_post_boxes_date_over_img\"><span class=\"boxes_date_pattern\" ><\/span><div class=\"boxes_date_over_inner\"><span class=\"date_month\">Avr<\/span><span class=\"date_day\" >12<\/span><span class=\"date_year\">2022<\/span><\/div><\/div><\/div><div class=\"latest_post\" style=\"padding: 10px\"><div class=\"latest_post_text\"><div class=\"latest_post_title_holder\"><h3 class=\"latest_post_title \" style=\"font-size:18px;\"><a href=\"https:\/\/www.champagne-lecompte.fr\/fr\/actualites\/le-site-champagne-lecompte-fr-arrive-en-version-anglaise\/\" style = \"font-size:18px;\">Le site champagne-lecompte.fr\/en\/<\/a><\/h3><\/div><div class=\"post_info_section\" ><\/div><p class=\"excerpt\" >Notre nouveau site Internet en anglais est en ligne ! D\u00e9couvrez cette nouvelle version :\u00a0www.champagne-lecompte.fr\/en\/ Le Champagne Francois Lecompte de Rilly-la-Montagne est pr\u00e9sent dans de nombreux pays,......<\/p><\/div><\/div><\/div><\/li><li class=\"clearfix\"><div class=\"box_padding_border\"><div class=\"boxes_image\"><a href=\"https:\/\/www.champagne-lecompte.fr\/fr\/actualites\/brut-millesime-2013-champagne-francois-lecompte-aux-usa\/\"><img width=\"550\" height=\"550\" src=\"https:\/\/www.champagne-lecompte.fr\/wp-content\/uploads\/2022\/04\/Millesime-2013-SommSelect-550x550.jpeg\" class=\"attachment-portfolio-square size-portfolio-square wp-post-image\" alt=\"\" loading=\"lazy\" srcset=\"https:\/\/www.champagne-lecompte.fr\/wp-content\/uploads\/2022\/04\/Millesime-2013-SommSelect-550x550.jpeg 550w, https:\/\/www.champagne-lecompte.fr\/wp-content\/uploads\/2022\/04\/Millesime-2013-SommSelect-320x320.jpeg 320w, https:\/\/www.champagne-lecompte.fr\/wp-content\/uploads\/2022\/04\/Millesime-2013-SommSelect-1000x1000.jpeg 1000w\" sizes=\"(max-width: 550px) 100vw, 550px\" \/><span class=\"latest_post_overlay\" ><\/span><\/a><div class=\"latest_post_boxes_date_over_img\"><span class=\"boxes_date_pattern\" ><\/span><div class=\"boxes_date_over_inner\"><span class=\"date_month\">Avr<\/span><span class=\"date_day\" >12<\/span><span class=\"date_year\">2022<\/span><\/div><\/div><\/div><div class=\"latest_post\" style=\"padding: 10px\"><div class=\"latest_post_text\"><div class=\"latest_post_title_holder\"><h3 class=\"latest_post_title \" style=\"font-size:18px;\"><a href=\"https:\/\/www.champagne-lecompte.fr\/fr\/actualites\/brut-millesime-2013-champagne-francois-lecompte-aux-usa\/\" style = \"font-size:18px;\">Etats-Unis &#8211; BRUT Mill\u00e9sime 2013 en vedette<\/a><\/h3><\/div><div class=\"post_info_section\" ><\/div><p class=\"excerpt\" >La presse am\u00e9ricaine honore le Champagne Fran\u00e7ois Lecompte BRUT Mill\u00e9sime 2013 D\u00e9couvrez l&rsquo;article du tr\u00e8s influent SommSelect en Californie, USA : SommSelect &#8211; Wine Shop &#8211; Fran\u00e7ois......<\/p><\/div><\/div><\/div><\/li><li class=\"clearfix\"><div class=\"box_padding_border\"><div class=\"boxes_image\"><a href=\"https:\/\/www.champagne-lecompte.fr\/fr\/actualites\/les-champagnes-francois-lecompte-donnent-des-couleurs-au-printemps\/\"><img width=\"550\" height=\"550\" src=\"https:\/\/www.champagne-lecompte.fr\/wp-content\/uploads\/2022\/03\/Blanc-de-Blancs-Champagne-Francois-Lecompte-550x550.jpeg\" class=\"attachment-portfolio-square size-portfolio-square wp-post-image\" alt=\"Champagne Fran\u00e7ois Lecompte blanc de Blancs\" loading=\"lazy\" srcset=\"https:\/\/www.champagne-lecompte.fr\/wp-content\/uploads\/2022\/03\/Blanc-de-Blancs-Champagne-Francois-Lecompte-550x550.jpeg 550w, https:\/\/www.champagne-lecompte.fr\/wp-content\/uploads\/2022\/03\/Blanc-de-Blancs-Champagne-Francois-Lecompte-320x320.jpeg 320w, https:\/\/www.champagne-lecompte.fr\/wp-content\/uploads\/2022\/03\/Blanc-de-Blancs-Champagne-Francois-Lecompte-1000x1000.jpeg 1000w\" sizes=\"(max-width: 550px) 100vw, 550px\" \/><span class=\"latest_post_overlay\" ><\/span><\/a><div class=\"latest_post_boxes_date_over_img\"><span class=\"boxes_date_pattern\" ><\/span><div class=\"boxes_date_over_inner\"><span class=\"date_month\">Mar<\/span><span class=\"date_day\" >22<\/span><span class=\"date_year\">2022<\/span><\/div><\/div><\/div><div class=\"latest_post\" style=\"padding: 10px\"><div class=\"latest_post_text\"><div class=\"latest_post_title_holder\"><h3 class=\"latest_post_title \" style=\"font-size:18px;\"><a href=\"https:\/\/www.champagne-lecompte.fr\/fr\/actualites\/les-champagnes-francois-lecompte-donnent-des-couleurs-au-printemps\/\" style = \"font-size:18px;\">Le printemps des Champagnes Fran\u00e7ois Lecompte<\/a><\/h3><\/div><div class=\"post_info_section\" ><\/div><p class=\"excerpt\" >Le Champagne Francois Lecompte donne des couleurs au printemps\u00a0 ! Avec le printemps reviennent les envies de se retrouver \u00e0 l&rsquo;ext\u00e9rieur, autour de jolies tables et de......<\/p><\/div><\/div><\/div><\/li><li class=\"clearfix\"><div class=\"box_padding_border\"><div class=\"boxes_image\"><a href=\"https:\/\/www.champagne-lecompte.fr\/fr\/actualites\/champagne-premier-cru-pour-votre-mariage\/\"><img width=\"246\" height=\"550\" src=\"https:\/\/www.champagne-lecompte.fr\/wp-content\/uploads\/2022\/02\/Mariage-Champagne-Francois-Lecompte-246x550.jpg\" class=\"attachment-portfolio-square size-portfolio-square wp-post-image\" alt=\"\" loading=\"lazy\" \/><span class=\"latest_post_overlay\" ><\/span><\/a><div class=\"latest_post_boxes_date_over_img\"><span class=\"boxes_date_pattern\" ><\/span><div class=\"boxes_date_over_inner\"><span class=\"date_month\">F\u00e9v<\/span><span class=\"date_day\" >09<\/span><span class=\"date_year\">2022<\/span><\/div><\/div><\/div><div class=\"latest_post\" style=\"padding: 10px\"><div class=\"latest_post_text\"><div class=\"latest_post_title_holder\"><h3 class=\"latest_post_title \" style=\"font-size:18px;\"><a href=\"https:\/\/www.champagne-lecompte.fr\/fr\/actualites\/champagne-premier-cru-pour-votre-mariage\/\" style = \"font-size:18px;\">Champagne Premier Cru pour votre mariage<\/a><\/h3><\/div><div class=\"post_info_section\" ><\/div><p class=\"excerpt\" >Comment bien choisir son champagne Fran\u00e7ois Lecompte pour un mariage ? La Champagne est unique. Les Champagnes Premier Cru Fran\u00e7ois Lecompte de Rilly-la-Montagne sont multiples. Ils forment......<\/p><\/div><\/div><\/div><\/li><li class=\"clearfix\"><div class=\"box_padding_border\"><div class=\"boxes_image\"><a href=\"https:\/\/www.champagne-lecompte.fr\/fr\/actualites\/france-inter-on-va-deguster-champagne-francois-lecompte\/\"><img width=\"550\" height=\"550\" src=\"https:\/\/www.champagne-lecompte.fr\/wp-content\/uploads\/2021\/12\/IMG_0110-01-550x550.jpeg\" class=\"attachment-portfolio-square size-portfolio-square wp-post-image\" alt=\"\" loading=\"lazy\" srcset=\"https:\/\/www.champagne-lecompte.fr\/wp-content\/uploads\/2021\/12\/IMG_0110-01-550x550.jpeg 550w, https:\/\/www.champagne-lecompte.fr\/wp-content\/uploads\/2021\/12\/IMG_0110-01-320x320.jpeg 320w, https:\/\/www.champagne-lecompte.fr\/wp-content\/uploads\/2021\/12\/IMG_0110-01-1000x1000.jpeg 1000w\" sizes=\"(max-width: 550px) 100vw, 550px\" \/><span class=\"latest_post_overlay\" ><\/span><\/a><div class=\"latest_post_boxes_date_over_img\"><span class=\"boxes_date_pattern\" ><\/span><div class=\"boxes_date_over_inner\"><span class=\"date_month\">D\u00e9c<\/span><span class=\"date_day\" >26<\/span><span class=\"date_year\">2021<\/span><\/div><\/div><\/div><div class=\"latest_post\" style=\"padding: 10px\"><div class=\"latest_post_text\"><div class=\"latest_post_title_holder\"><h3 class=\"latest_post_title \" style=\"font-size:18px;\"><a href=\"https:\/\/www.champagne-lecompte.fr\/fr\/actualites\/france-inter-on-va-deguster-champagne-francois-lecompte\/\" style = \"font-size:18px;\">France Inter On va d\u00e9guster Champagne Francois Lecompte<\/a><\/h3><\/div><div class=\"post_info_section\" ><\/div><p class=\"excerpt\" >Le Dimanche 26 d\u00e9cembre 2021, l&rsquo;\u00e9mission de France Inter \u00ab\u00a0On va d\u00e9guster\u00a0\u00bb anim\u00e9e par Fran\u00e7ois-Regis Gaudry \u00e9tablissait son bilan gourmand\u00a0 pour l&rsquo;ann\u00e9e 2021. A ce titre, le......<\/p><\/div><\/div><\/div><\/li><li class=\"clearfix\"><div class=\"box_padding_border\"><div class=\"boxes_image\"><a href=\"https:\/\/www.champagne-lecompte.fr\/fr\/actualites\/champagne-francois-lecompte-millesime-a-lhonneur-dans-le-monde\/\"><img width=\"550\" height=\"550\" src=\"https:\/\/www.champagne-lecompte.fr\/wp-content\/uploads\/2021\/12\/Champagne-Francois-Lecompte-Millesimes2013-550x550.jpg\" class=\"attachment-portfolio-square size-portfolio-square wp-post-image\" alt=\"Champagne Francois Lecompte Millesimes Premier Cru\" loading=\"lazy\" srcset=\"https:\/\/www.champagne-lecompte.fr\/wp-content\/uploads\/2021\/12\/Champagne-Francois-Lecompte-Millesimes2013-550x550.jpg 550w, https:\/\/www.champagne-lecompte.fr\/wp-content\/uploads\/2021\/12\/Champagne-Francois-Lecompte-Millesimes2013-320x320.jpg 320w, https:\/\/www.champagne-lecompte.fr\/wp-content\/uploads\/2021\/12\/Champagne-Francois-Lecompte-Millesimes2013-1000x1000.jpg 1000w\" sizes=\"(max-width: 550px) 100vw, 550px\" \/><span class=\"latest_post_overlay\" ><\/span><\/a><div class=\"latest_post_boxes_date_over_img\"><span class=\"boxes_date_pattern\" ><\/span><div class=\"boxes_date_over_inner\"><span class=\"date_month\">D\u00e9c<\/span><span class=\"date_day\" >20<\/span><span class=\"date_year\">2021<\/span><\/div><\/div><\/div><div class=\"latest_post\" style=\"padding: 10px\"><div class=\"latest_post_text\"><div class=\"latest_post_title_holder\"><h3 class=\"latest_post_title \" style=\"font-size:18px;\"><a href=\"https:\/\/www.champagne-lecompte.fr\/fr\/actualites\/champagne-francois-lecompte-millesime-a-lhonneur-dans-le-monde\/\" style = \"font-size:18px;\">Le Monde honore Le Champagne Fran\u00e7ois Lecompte<\/a><\/h3><\/div><div class=\"post_info_section\" ><\/div><p class=\"excerpt\" >Le Monde des Vins , dans sa parution du 11 d\u00e9cembre 2021, r\u00e9compense de notes prestigieuses notre Champagne MILLESIME Fran\u00e7ois Lecompte PREMIER CRU. Ar\u00f4mes raffin\u00e9s, Majest\u00e9, Profondeur,......<\/p><\/div><\/div><\/div><\/li><li class=\"clearfix\"><div class=\"box_padding_border\"><div class=\"boxes_image\"><a href=\"https:\/\/www.champagne-lecompte.fr\/fr\/actualites\/cuvees-100-pour-100-monocepage\/\"><img width=\"550\" height=\"550\" src=\"https:\/\/www.champagne-lecompte.fr\/wp-content\/uploads\/2021\/09\/Mini-FRANCOIS-LECOMPTE_Blancs-de-Blancs-550x550.jpg\" class=\"attachment-portfolio-square size-portfolio-square wp-post-image\" alt=\"\" loading=\"lazy\" srcset=\"https:\/\/www.champagne-lecompte.fr\/wp-content\/uploads\/2021\/09\/Mini-FRANCOIS-LECOMPTE_Blancs-de-Blancs-550x550.jpg 550w, https:\/\/www.champagne-lecompte.fr\/wp-content\/uploads\/2021\/09\/Mini-FRANCOIS-LECOMPTE_Blancs-de-Blancs-320x320.jpg 320w, https:\/\/www.champagne-lecompte.fr\/wp-content\/uploads\/2021\/09\/Mini-FRANCOIS-LECOMPTE_Blancs-de-Blancs-1000x1000.jpg 1000w\" sizes=\"(max-width: 550px) 100vw, 550px\" \/><span class=\"latest_post_overlay\" ><\/span><\/a><div class=\"latest_post_boxes_date_over_img\"><span class=\"boxes_date_pattern\" ><\/span><div class=\"boxes_date_over_inner\"><span class=\"date_month\">Sep<\/span><span class=\"date_day\" >20<\/span><span class=\"date_year\">2021<\/span><\/div><\/div><\/div><div class=\"latest_post\" style=\"padding: 10px\"><div class=\"latest_post_text\"><div class=\"latest_post_title_holder\"><h3 class=\"latest_post_title \" style=\"font-size:18px;\"><a href=\"https:\/\/www.champagne-lecompte.fr\/fr\/actualites\/cuvees-100-pour-100-monocepage\/\" style = \"font-size:18px;\">Cuv\u00e9es 100 % Monoc\u00e9page<\/a><\/h3><\/div><div class=\"post_info_section\" ><\/div><p class=\"excerpt\" >Le Champagne Fran\u00e7ois Lecompte est heureux de vous proposer 3 \u00a0cuv\u00e9es Monoc\u00e9page, \u00e9lev\u00e9es en f\u00fbt de ch\u00eane : La cuv\u00e9e Blanc de Blancs, Monoc\u00e9page 100 % Chardonnay,......<\/p><\/div><\/div><\/div><\/li><\/ul><\/div>[\/vc_column][vc_column width=\u00a0\u00bb1\/6&Prime;][\/vc_column][\/vc_row]<\/p>\n","protected":false},"excerpt":{"rendered":"<p>[vc_row row_type=\u00a0\u00bbrow\u00a0\u00bb use_row_as_full_screen_section=\u00a0\u00bbno\u00a0\u00bb type=\u00a0\u00bbfull_width\u00a0\u00bb text_align=\u00a0\u00bbleft\u00a0\u00bb box_shadow_on_row=\u00a0\u00bbno\u00a0\u00bb][vc_column width=\u00a0\u00bb1\/6&Prime;][\/vc_column][vc_column width=\u00a0\u00bb2\/3&Prime;][\/vc_column][vc_column width=\u00a0\u00bb1\/6&Prime;][\/vc_column][\/vc_row]<\/p>\n","protected":false},"author":3,"featured_media":0,"parent":0,"menu_order":5,"comment_status":"closed","ping_status":"open","template":"","meta":[],"_links":{"self":[{"href":"https:\/\/www.champagne-lecompte.fr\/fr\/wp-json\/wp\/v2\/pages\/10213"}],"collection":[{"href":"https:\/\/www.champagne-lecompte.fr\/fr\/wp-json\/wp\/v2\/pages"}],"about":[{"href":"https:\/\/www.champagne-lecompte.fr\/fr\/wp-json\/wp\/v2\/types\/page"}],"author":[{"embeddable":true,"href":"https:\/\/www.champagne-lecompte.fr\/fr\/wp-json\/wp\/v2\/users\/3"}],"replies":[{"embeddable":true,"href":"https:\/\/www.champagne-lecompte.fr\/fr\/wp-json\/wp\/v2\/comments?post=10213"}],"version-history":[{"count":7,"href":"https:\/\/www.champagne-lecompte.fr\/fr\/wp-json\/wp\/v2\/pages\/10213\/revisions"}],"predecessor-version":[{"id":11205,"href":"https:\/\/www.champagne-lecompte.fr\/fr\/wp-json\/wp\/v2\/pages\/10213\/revisions\/11205"}],"wp:attachment":[{"href":"https:\/\/www.champagne-lecompte.fr\/fr\/wp-json\/wp\/v2\/media?parent=10213"}],"curies":[{"name":"wp","href":"https:\/\/api.w.org\/{rel}","templated":true}]}}